{"id":2645,"date":"2025-03-17T11:36:16","date_gmt":"2025-03-17T10:36:16","guid":{"rendered":"http:\/\/gaetanvangoidsenhoven.be\/?page_id=2645"},"modified":"2025-03-23T18:19:15","modified_gmt":"2025-03-23T17:19:15","slug":"senat","status":"publish","type":"page","link":"https:\/\/gaetanvangoidsenhoven.be\/index.php\/senat\/","title":{"rendered":"S\u00e9nat"},"content":{"rendered":"\t\t<div data-elementor-type=\"wp-page\" data-elementor-id=\"2645\" class=\"elementor elementor-2645\">\n\t\t\t\t\t\t\t\t\t<section class=\"elementor-section elementor-top-section elementor-element elementor-element-8153f12 elementor-section-boxed elementor-section-height-default elementor-section-height-default wpr-particle-no wpr-jarallax-no wpr-parallax-no wpr-sticky-section-no\" data-id=\"8153f12\" data-element_type=\"section\">\n\t\t\t\t\t\t<div class=\"elementor-container elementor-column-gap-default\">\n\t\t\t\t\t<div class=\"elementor-column elementor-col-100 elementor-top-column elementor-element elementor-element-0664ede\" data-id=\"0664ede\" data-element_type=\"column\">\n\t\t\t<div class=\"elementor-widget-wrap elementor-element-populated\">\n\t\t\t\t\t\t\t\t<div class=\"elementor-element elementor-element-b9f6fb3 elementor-widget elementor-widget-spacer\" data-id=\"b9f6fb3\" data-element_type=\"widget\" data-widget_type=\"spacer.default\">\n\t\t\t\t<div class=\"elementor-widget-container\">\n\t\t\t\t\t<div class=\"elementor-spacer\">\n\t\t\t<div class=\"elementor-spacer-inner\"><\/div>\n\t\t<\/div>\n\t\t\t\t<\/div>\n\t\t\t\t<\/div>\n\t\t\t\t<div class=\"elementor-element elementor-element-2eed0c6 elementor-widget elementor-widget-heading\" data-id=\"2eed0c6\" data-element_type=\"widget\" data-widget_type=\"heading.default\">\n\t\t\t\t<div class=\"elementor-widget-container\">\n\t\t\t<h2 class=\"elementor-heading-title elementor-size-default\">Mon travail parlementaire au S\u00e9nat<\/h2>\t\t<\/div>\n\t\t\t\t<\/div>\n\t\t\t\t<div class=\"elementor-element elementor-element-f2161c4 elementor-widget elementor-widget-spacer\" data-id=\"f2161c4\" data-element_type=\"widget\" data-widget_type=\"spacer.default\">\n\t\t\t\t<div class=\"elementor-widget-container\">\n\t\t\t\t\t<div class=\"elementor-spacer\">\n\t\t\t<div class=\"elementor-spacer-inner\"><\/div>\n\t\t<\/div>\n\t\t\t\t<\/div>\n\t\t\t\t<\/div>\n\t\t\t\t\t<\/div>\n\t\t<\/div>\n\t\t\t\t\t\t\t<\/div>\n\t\t<\/section>\n\t\t\t\t<section class=\"elementor-section elementor-top-section elementor-element elementor-element-9c800ab elementor-section-boxed elementor-section-height-default elementor-section-height-default wpr-particle-no wpr-jarallax-no wpr-parallax-no wpr-sticky-section-no\" data-id=\"9c800ab\" data-element_type=\"section\">\n\t\t\t\t\t\t<div class=\"elementor-container elementor-column-gap-default\">\n\t\t\t\t\t<div class=\"elementor-column elementor-col-100 elementor-top-column elementor-element elementor-element-2d9374b\" data-id=\"2d9374b\" data-element_type=\"column\">\n\t\t\t<div class=\"elementor-widget-wrap elementor-element-populated\">\n\t\t\t\t\t\t\t\t<div class=\"elementor-element elementor-element-d799d53 elementor-widget elementor-widget-text-editor\" data-id=\"d799d53\" data-element_type=\"widget\" data-widget_type=\"text-editor.default\">\n\t\t\t\t<div class=\"elementor-widget-container\">\n\t\t\t\t\t\t\t<p data-start=\"0\" data-end=\"519\">En tant que <strong>chef de groupe du Mouvement R\u00e9formateur (MR)<\/strong> au S\u00e9nat, ma mission principale consiste \u00e0 coordonner les actions et positions de notre groupe politique. Je veille \u00e0 ce que les valeurs et principes lib\u00e9raux, qui guident notre action politique, soient constamment repr\u00e9sent\u00e9s et d\u00e9fendus lors des d\u00e9bats parlementaires. <strong>Mon r\u00f4le<\/strong> implique une \u00e9coute attentive des membres du groupe, une gestion strat\u00e9gique des priorit\u00e9s politiques et une repr\u00e9sentation forte et coh\u00e9rente de notre vision pour la Belgique.<\/p><p data-start=\"521\" data-end=\"986\">Je travaille en \u00e9troite <strong>collaboration avec nos s\u00e9nateurs<\/strong> afin de formuler des propositions l\u00e9gislatives ambitieuses et de r\u00e9pondre aux enjeux de soci\u00e9t\u00e9 avec des solutions pragmatiques, ancr\u00e9es dans nos valeurs de libert\u00e9, de responsabilit\u00e9 et de solidarit\u00e9. De plus, je m&rsquo;efforce de <strong>maintenir un dialogue constructif<\/strong> avec nos <strong>partenaires politiques<\/strong> et <strong>les autres institutions<\/strong>, tout en pr\u00e9servant l&rsquo;ind\u00e9pendance et la pertinence de nos positions au sein du S\u00e9nat.<\/p>\t\t\t\t\t\t<\/div>\n\t\t\t\t<\/div>\n\t\t\t\t<div class=\"elementor-element elementor-element-1ed150d elementor-widget elementor-widget-spacer\" data-id=\"1ed150d\" data-element_type=\"widget\" data-widget_type=\"spacer.default\">\n\t\t\t\t<div class=\"elementor-widget-container\">\n\t\t\t\t\t<div class=\"elementor-spacer\">\n\t\t\t<div class=\"elementor-spacer-inner\"><\/div>\n\t\t<\/div>\n\t\t\t\t<\/div>\n\t\t\t\t<\/div>\n\t\t\t\t\t<\/div>\n\t\t<\/div>\n\t\t\t\t\t\t\t<\/div>\n\t\t<\/section>\n\t\t\t\t<section class=\"elementor-section elementor-top-section elementor-element elementor-element-8d3b0c8 elementor-section-boxed elementor-section-height-default elementor-section-height-default wpr-particle-no wpr-jarallax-no wpr-parallax-no wpr-sticky-section-no\" data-id=\"8d3b0c8\" data-element_type=\"section\">\n\t\t\t\t\t\t<div class=\"elementor-container elementor-column-gap-default\">\n\t\t\t\t\t<div class=\"elementor-column elementor-col-50 elementor-top-column elementor-element elementor-element-837312b\" data-id=\"837312b\" data-element_type=\"column\">\n\t\t\t<div class=\"elementor-widget-wrap elementor-element-populated\">\n\t\t\t\t\t\t\t\t<div class=\"elementor-element elementor-element-c45b1fc elementor-widget elementor-widget-image\" data-id=\"c45b1fc\" data-element_type=\"widget\" data-widget_type=\"image.default\">\n\t\t\t\t<div class=\"elementor-widget-container\">\n\t\t\t\t\t\t\t\t\t\t\t\t\t\t\t<img loading=\"lazy\" decoding=\"async\" width=\"768\" height=\"1047\" src=\"https:\/\/gaetanvangoidsenhoven.be\/wp-content\/uploads\/2024\/02\/Design-sans-titre-768x1047.jpg\" class=\"attachment-medium_large size-medium_large wp-image-2524\" alt=\"\" srcset=\"https:\/\/gaetanvangoidsenhoven.be\/wp-content\/uploads\/2024\/02\/Design-sans-titre-768x1047.jpg 768w, https:\/\/gaetanvangoidsenhoven.be\/wp-content\/uploads\/2024\/02\/Design-sans-titre-220x300.jpg 220w, https:\/\/gaetanvangoidsenhoven.be\/wp-content\/uploads\/2024\/02\/Design-sans-titre-751x1024.jpg 751w, https:\/\/gaetanvangoidsenhoven.be\/wp-content\/uploads\/2024\/02\/Design-sans-titre.jpg 954w\" sizes=\"auto, (max-width: 768px) 100vw, 768px\" \/>\t\t\t\t\t\t\t\t\t\t\t\t\t\t\t<\/div>\n\t\t\t\t<\/div>\n\t\t\t\t\t<\/div>\n\t\t<\/div>\n\t\t\t\t<div class=\"elementor-column elementor-col-50 elementor-top-column elementor-element elementor-element-336316d\" data-id=\"336316d\" data-element_type=\"column\">\n\t\t\t<div class=\"elementor-widget-wrap elementor-element-populated\">\n\t\t\t\t\t\t\t\t<div class=\"elementor-element elementor-element-197bb1f elementor-widget elementor-widget-text-editor\" data-id=\"197bb1f\" data-element_type=\"widget\" data-widget_type=\"text-editor.default\">\n\t\t\t\t<div class=\"elementor-widget-container\">\n\t\t\t\t\t\t\t<p data-start=\"0\" data-end=\"358\">Au S\u00e9nat, mon r\u00f4le va bien au-del\u00e0 de la simple repr\u00e9sentation ; il implique une participation active aux travaux l\u00e9gislatifs et aux diff\u00e9rentes commissions parlementaires. Dans ce cadre, je mets tout en \u0153uvre pour <strong>promouvoir des politiques<\/strong> qui <strong>soutiennent le d\u00e9veloppement \u00e9conomique<\/strong>, <strong>renforcent la coh\u00e9sion sociale<\/strong> et <strong>assurent le bien-\u00eatre de nos citoyens<\/strong>.<\/p><p data-start=\"360\" data-end=\"820\">Mon engagement ne se limite pas aux fronti\u00e8res de notre pays. Je m&rsquo;investis \u00e9galement dans des initiatives visant \u00e0 renforcer les <strong>relations internationales<\/strong> et encourager la<strong> coop\u00e9ration interparlementaire<\/strong>. Un exemple marquant de cet engagement a \u00e9t\u00e9 l&rsquo;accueil, en <strong>mars 2022<\/strong>, de stagiaires parlementaires canadiens. Cet \u00e9change a permis de discuter du fonctionnement de notre syst\u00e8me politique et des opportunit\u00e9s de collaboration entre la Belgique et le Canada.<\/p><p data-start=\"822\" data-end=\"1153\" data-is-last-node=\"\" data-is-only-node=\"\">Mon action au S\u00e9nat est guid\u00e9e par une volont\u00e9 profonde de <strong>contribuer \u00e0 une Belgique prosp\u00e8re<\/strong>, <strong>solidaire<\/strong> et r\u00e9solument <strong>ouverte sur le monde<\/strong>. Je d\u00e9fends sans rel\u00e2che les principes d\u00e9mocratiques et les droits fondamentaux, convaincu que chaque d\u00e9cision prise doit servir l\u2019int\u00e9r\u00eat g\u00e9n\u00e9ral et le respect des valeurs qui nous unissent.<\/p>\t\t\t\t\t\t<\/div>\n\t\t\t\t<\/div>\n\t\t\t\t\t<\/div>\n\t\t<\/div>\n\t\t\t\t\t\t\t<\/div>\n\t\t<\/section>\n\t\t\t\t<section class=\"elementor-section elementor-top-section elementor-element elementor-element-6f163f0 elementor-section-boxed elementor-section-height-default elementor-section-height-default wpr-particle-no wpr-jarallax-no wpr-parallax-no wpr-sticky-section-no\" data-id=\"6f163f0\" data-element_type=\"section\">\n\t\t\t\t\t\t<div class=\"elementor-container elementor-column-gap-default\">\n\t\t\t\t\t<div class=\"elementor-column elementor-col-33 elementor-top-column elementor-element elementor-element-1966786\" data-id=\"1966786\" data-element_type=\"column\">\n\t\t\t<div class=\"elementor-widget-wrap elementor-element-populated\">\n\t\t\t\t\t\t\t\t<div class=\"elementor-element elementor-element-0755e23 elementor-widget elementor-widget-spacer\" data-id=\"0755e23\" data-element_type=\"widget\" data-widget_type=\"spacer.default\">\n\t\t\t\t<div class=\"elementor-widget-container\">\n\t\t\t\t\t<div class=\"elementor-spacer\">\n\t\t\t<div class=\"elementor-spacer-inner\"><\/div>\n\t\t<\/div>\n\t\t\t\t<\/div>\n\t\t\t\t<\/div>\n\t\t\t\t<div class=\"elementor-element elementor-element-7a042d1 elementor-widget elementor-widget-text-editor\" data-id=\"7a042d1\" data-element_type=\"widget\" data-widget_type=\"text-editor.default\">\n\t\t\t\t<div class=\"elementor-widget-container\">\n\t\t\t\t\t\t\t<p>R\u00e9duire la pollution spatiale et \u00e0 encadrer l&rsquo;exploitation des ressources dans l&rsquo;espace<\/p>\t\t\t\t\t\t<\/div>\n\t\t\t\t<\/div>\n\t\t\t\t<div class=\"elementor-element elementor-element-02a1b41 elementor-widget elementor-widget-image\" data-id=\"02a1b41\" data-element_type=\"widget\" data-widget_type=\"image.default\">\n\t\t\t\t<div class=\"elementor-widget-container\">\n\t\t\t\t\t\t\t\t\t\t\t\t\t\t\t<img loading=\"lazy\" decoding=\"async\" width=\"512\" height=\"512\" src=\"https:\/\/gaetanvangoidsenhoven.be\/wp-content\/uploads\/2024\/02\/cropped-cropped-cropped-cropped-Design-sans-titre.jpg\" class=\"attachment-large size-large wp-image-2551\" alt=\"\" srcset=\"https:\/\/gaetanvangoidsenhoven.be\/wp-content\/uploads\/2024\/02\/cropped-cropped-cropped-cropped-Design-sans-titre.jpg 512w, https:\/\/gaetanvangoidsenhoven.be\/wp-content\/uploads\/2024\/02\/cropped-cropped-cropped-cropped-Design-sans-titre-300x300.jpg 300w, https:\/\/gaetanvangoidsenhoven.be\/wp-content\/uploads\/2024\/02\/cropped-cropped-cropped-cropped-Design-sans-titre-150x150.jpg 150w, https:\/\/gaetanvangoidsenhoven.be\/wp-content\/uploads\/2024\/02\/cropped-cropped-cropped-cropped-Design-sans-titre-100x100.jpg 100w, https:\/\/gaetanvangoidsenhoven.be\/wp-content\/uploads\/2024\/02\/cropped-cropped-cropped-cropped-Design-sans-titre-350x350.jpg 350w\" sizes=\"auto, (max-width: 512px) 100vw, 512px\" \/>\t\t\t\t\t\t\t\t\t\t\t\t\t\t\t<\/div>\n\t\t\t\t<\/div>\n\t\t\t\t<div class=\"elementor-element elementor-element-04b9854 elementor-align-center elementor-widget elementor-widget-button\" data-id=\"04b9854\" data-element_type=\"widget\" data-widget_type=\"button.default\">\n\t\t\t\t<div class=\"elementor-widget-container\">\n\t\t\t\t\t<div class=\"elementor-button-wrapper\">\n\t\t\t<a class=\"elementor-button elementor-button-link elementor-size-sm elementor-animation-shrink\" href=\"#\">\n\t\t\t\t\t\t<span class=\"elementor-button-content-wrapper\">\n\t\t\t\t\t\t<span class=\"elementor-button-text\">D\u00e9couvrez ici !<\/span>\n\t\t<\/span>\n\t\t\t\t\t<\/a>\n\t\t<\/div>\n\t\t\t\t<\/div>\n\t\t\t\t<\/div>\n\t\t\t\t\t<\/div>\n\t\t<\/div>\n\t\t\t\t<div class=\"elementor-column elementor-col-33 elementor-top-column elementor-element elementor-element-0874ed1\" data-id=\"0874ed1\" data-element_type=\"column\">\n\t\t\t<div class=\"elementor-widget-wrap elementor-element-populated\">\n\t\t\t\t\t\t\t\t<div class=\"elementor-element elementor-element-af9d4fb elementor-widget elementor-widget-spacer\" data-id=\"af9d4fb\" data-element_type=\"widget\" data-widget_type=\"spacer.default\">\n\t\t\t\t<div class=\"elementor-widget-container\">\n\t\t\t\t\t<div class=\"elementor-spacer\">\n\t\t\t<div class=\"elementor-spacer-inner\"><\/div>\n\t\t<\/div>\n\t\t\t\t<\/div>\n\t\t\t\t<\/div>\n\t\t\t\t<div class=\"elementor-element elementor-element-0bfd269 elementor-widget elementor-widget-text-editor\" data-id=\"0bfd269\" data-element_type=\"widget\" data-widget_type=\"text-editor.default\">\n\t\t\t\t<div class=\"elementor-widget-container\">\n\t\t\t\t\t\t\t<p>Moderniser les institutions belges et renforcer la coop\u00e9ration entre les entit\u00e9s f\u00e9d\u00e9rales<\/p>\t\t\t\t\t\t<\/div>\n\t\t\t\t<\/div>\n\t\t\t\t<div class=\"elementor-element elementor-element-3d0c165 elementor-widget elementor-widget-image\" data-id=\"3d0c165\" data-element_type=\"widget\" data-widget_type=\"image.default\">\n\t\t\t\t<div class=\"elementor-widget-container\">\n\t\t\t\t\t\t\t\t\t\t\t\t\t\t\t<img loading=\"lazy\" decoding=\"async\" width=\"1024\" height=\"1024\" src=\"https:\/\/gaetanvangoidsenhoven.be\/wp-content\/uploads\/2024\/02\/cropped-cropped-cropped-cropped-cropped-Design-sans-titre-1024x1024.jpg\" class=\"attachment-large size-large wp-image-2552\" alt=\"\" srcset=\"https:\/\/gaetanvangoidsenhoven.be\/wp-content\/uploads\/2024\/02\/cropped-cropped-cropped-cropped-cropped-Design-sans-titre-1024x1024.jpg 1024w, https:\/\/gaetanvangoidsenhoven.be\/wp-content\/uploads\/2024\/02\/cropped-cropped-cropped-cropped-cropped-Design-sans-titre-300x300.jpg 300w, https:\/\/gaetanvangoidsenhoven.be\/wp-content\/uploads\/2024\/02\/cropped-cropped-cropped-cropped-cropped-Design-sans-titre-150x150.jpg 150w, https:\/\/gaetanvangoidsenhoven.be\/wp-content\/uploads\/2024\/02\/cropped-cropped-cropped-cropped-cropped-Design-sans-titre-768x768.jpg 768w, https:\/\/gaetanvangoidsenhoven.be\/wp-content\/uploads\/2024\/02\/cropped-cropped-cropped-cropped-cropped-Design-sans-titre-100x100.jpg 100w, https:\/\/gaetanvangoidsenhoven.be\/wp-content\/uploads\/2024\/02\/cropped-cropped-cropped-cropped-cropped-Design-sans-titre-350x350.jpg 350w, https:\/\/gaetanvangoidsenhoven.be\/wp-content\/uploads\/2024\/02\/cropped-cropped-cropped-cropped-cropped-Design-sans-titre.jpg 1440w\" sizes=\"auto, (max-width: 1024px) 100vw, 1024px\" \/>\t\t\t\t\t\t\t\t\t\t\t\t\t\t\t<\/div>\n\t\t\t\t<\/div>\n\t\t\t\t<div class=\"elementor-element elementor-element-dd041b1 elementor-align-center elementor-widget elementor-widget-button\" data-id=\"dd041b1\" data-element_type=\"widget\" data-widget_type=\"button.default\">\n\t\t\t\t<div class=\"elementor-widget-container\">\n\t\t\t\t\t<div class=\"elementor-button-wrapper\">\n\t\t\t<a class=\"elementor-button elementor-button-link elementor-size-sm elementor-animation-shrink\" href=\"#\">\n\t\t\t\t\t\t<span class=\"elementor-button-content-wrapper\">\n\t\t\t\t\t\t<span class=\"elementor-button-text\">D\u00e9couvrez ici !<\/span>\n\t\t<\/span>\n\t\t\t\t\t<\/a>\n\t\t<\/div>\n\t\t\t\t<\/div>\n\t\t\t\t<\/div>\n\t\t\t\t\t<\/div>\n\t\t<\/div>\n\t\t\t\t<div class=\"elementor-column elementor-col-33 elementor-top-column elementor-element elementor-element-4ff971d\" data-id=\"4ff971d\" data-element_type=\"column\">\n\t\t\t<div class=\"elementor-widget-wrap elementor-element-populated\">\n\t\t\t\t\t\t\t\t<div class=\"elementor-element elementor-element-168d840 elementor-widget elementor-widget-spacer\" data-id=\"168d840\" data-element_type=\"widget\" data-widget_type=\"spacer.default\">\n\t\t\t\t<div class=\"elementor-widget-container\">\n\t\t\t\t\t<div class=\"elementor-spacer\">\n\t\t\t<div class=\"elementor-spacer-inner\"><\/div>\n\t\t<\/div>\n\t\t\t\t<\/div>\n\t\t\t\t<\/div>\n\t\t\t\t<div class=\"elementor-element elementor-element-b2f5416 elementor-widget elementor-widget-text-editor\" data-id=\"b2f5416\" data-element_type=\"widget\" data-widget_type=\"text-editor.default\">\n\t\t\t\t<div class=\"elementor-widget-container\">\n\t\t\t\t\t\t\t<p>Colloque sur l\u2019inclusion des personnes en situation de handicap intellectuel dans l&#8217;emploi et dans le sport<\/p>\t\t\t\t\t\t<\/div>\n\t\t\t\t<\/div>\n\t\t\t\t<div class=\"elementor-element elementor-element-378108a elementor-widget elementor-widget-image\" data-id=\"378108a\" data-element_type=\"widget\" data-widget_type=\"image.default\">\n\t\t\t\t<div class=\"elementor-widget-container\">\n\t\t\t\t\t\t\t\t\t\t\t\t\t\t\t<img loading=\"lazy\" decoding=\"async\" width=\"512\" height=\"512\" src=\"https:\/\/gaetanvangoidsenhoven.be\/wp-content\/uploads\/2024\/02\/cropped-cropped-cropped-cropped-Design-sans-titre.jpg\" class=\"attachment-large size-large wp-image-2551\" alt=\"\" srcset=\"https:\/\/gaetanvangoidsenhoven.be\/wp-content\/uploads\/2024\/02\/cropped-cropped-cropped-cropped-Design-sans-titre.jpg 512w, https:\/\/gaetanvangoidsenhoven.be\/wp-content\/uploads\/2024\/02\/cropped-cropped-cropped-cropped-Design-sans-titre-300x300.jpg 300w, https:\/\/gaetanvangoidsenhoven.be\/wp-content\/uploads\/2024\/02\/cropped-cropped-cropped-cropped-Design-sans-titre-150x150.jpg 150w, https:\/\/gaetanvangoidsenhoven.be\/wp-content\/uploads\/2024\/02\/cropped-cropped-cropped-cropped-Design-sans-titre-100x100.jpg 100w, https:\/\/gaetanvangoidsenhoven.be\/wp-content\/uploads\/2024\/02\/cropped-cropped-cropped-cropped-Design-sans-titre-350x350.jpg 350w\" sizes=\"auto, (max-width: 512px) 100vw, 512px\" \/>\t\t\t\t\t\t\t\t\t\t\t\t\t\t\t<\/div>\n\t\t\t\t<\/div>\n\t\t\t\t<div class=\"elementor-element elementor-element-c3c8152 elementor-align-center elementor-widget elementor-widget-button\" data-id=\"c3c8152\" data-element_type=\"widget\" data-widget_type=\"button.default\">\n\t\t\t\t<div class=\"elementor-widget-container\">\n\t\t\t\t\t<div class=\"elementor-button-wrapper\">\n\t\t\t<a class=\"elementor-button elementor-button-link elementor-size-sm elementor-animation-shrink\" href=\"#\">\n\t\t\t\t\t\t<span class=\"elementor-button-content-wrapper\">\n\t\t\t\t\t\t<span class=\"elementor-button-text\">D\u00e9couvrez ici !<\/span>\n\t\t<\/span>\n\t\t\t\t\t<\/a>\n\t\t<\/div>\n\t\t\t\t<\/div>\n\t\t\t\t<\/div>\n\t\t\t\t\t<\/div>\n\t\t<\/div>\n\t\t\t\t\t\t\t<\/div>\n\t\t<\/section>\n\t\t\t\t<section class=\"elementor-section elementor-top-section elementor-element elementor-element-b06e283 elementor-section-boxed elementor-section-height-default elementor-section-height-default wpr-particle-no wpr-jarallax-no wpr-parallax-no wpr-sticky-section-no\" data-id=\"b06e283\" data-element_type=\"section\">\n\t\t\t\t\t\t<div class=\"elementor-container elementor-column-gap-default\">\n\t\t\t\t\t<div class=\"elementor-column elementor-col-100 elementor-top-column elementor-element elementor-element-d668f5c\" data-id=\"d668f5c\" data-element_type=\"column\">\n\t\t\t<div class=\"elementor-widget-wrap elementor-element-populated\">\n\t\t\t\t\t\t\t\t<div class=\"elementor-element elementor-element-08c2c3c elementor-widget elementor-widget-spacer\" data-id=\"08c2c3c\" data-element_type=\"widget\" data-widget_type=\"spacer.default\">\n\t\t\t\t<div class=\"elementor-widget-container\">\n\t\t\t\t\t<div class=\"elementor-spacer\">\n\t\t\t<div class=\"elementor-spacer-inner\"><\/div>\n\t\t<\/div>\n\t\t\t\t<\/div>\n\t\t\t\t<\/div>\n\t\t\t\t<div class=\"elementor-element elementor-element-769c490 elementor-widget elementor-widget-spacer\" data-id=\"769c490\" data-element_type=\"widget\" data-widget_type=\"spacer.default\">\n\t\t\t\t<div class=\"elementor-widget-container\">\n\t\t\t\t\t<div class=\"elementor-spacer\">\n\t\t\t<div class=\"elementor-spacer-inner\"><\/div>\n\t\t<\/div>\n\t\t\t\t<\/div>\n\t\t\t\t<\/div>\n\t\t\t\t<div class=\"elementor-element elementor-element-23bfe1c elementor-widget-divider--view-line elementor-widget elementor-widget-divider\" data-id=\"23bfe1c\" data-element_type=\"widget\" data-widget_type=\"divider.default\">\n\t\t\t\t<div class=\"elementor-widget-container\">\n\t\t\t\t\t<div class=\"elementor-divider\">\n\t\t\t<span class=\"elementor-divider-separator\">\n\t\t\t\t\t\t<\/span>\n\t\t<\/div>\n\t\t\t\t<\/div>\n\t\t\t\t<\/div>\n\t\t\t\t<div class=\"elementor-element elementor-element-cbfca86 elementor-widget elementor-widget-text-editor\" data-id=\"cbfca86\" data-element_type=\"widget\" data-widget_type=\"text-editor.default\">\n\t\t\t\t<div class=\"elementor-widget-container\">\n\t\t\t\t\t\t\t<p><em>Rejoignez-moi sur les r\u00e9seaux sociaux pour suivre mon actualit\u00e9, mes engagements et \u00e9changer ensemble !<\/em><\/p>\t\t\t\t\t\t<\/div>\n\t\t\t\t<\/div>\n\t\t\t\t\t<\/div>\n\t\t<\/div>\n\t\t\t\t\t\t\t<\/div>\n\t\t<\/section>\n\t\t\t\t<section class=\"elementor-section elementor-top-section elementor-element elementor-element-e2c1242 elementor-section-boxed elementor-section-height-default elementor-section-height-default wpr-particle-no wpr-jarallax-no wpr-parallax-no wpr-sticky-section-no\" data-id=\"e2c1242\" data-element_type=\"section\">\n\t\t\t\t\t\t<div class=\"elementor-container elementor-column-gap-default\">\n\t\t\t\t\t<div class=\"elementor-column elementor-col-100 elementor-top-column elementor-element elementor-element-bdcd02b\" data-id=\"bdcd02b\" data-element_type=\"column\">\n\t\t\t<div class=\"elementor-widget-wrap elementor-element-populated\">\n\t\t\t\t\t\t\t\t<div class=\"elementor-element elementor-element-84aa962 elementor-shape-circle elementor-grid-0 e-grid-align-center elementor-widget elementor-widget-social-icons\" data-id=\"84aa962\" data-element_type=\"widget\" data-widget_type=\"social-icons.default\">\n\t\t\t\t<div class=\"elementor-widget-container\">\n\t\t\t\t\t<div class=\"elementor-social-icons-wrapper elementor-grid\">\n\t\t\t\t\t\t\t<span class=\"elementor-grid-item\">\n\t\t\t\t\t<a class=\"elementor-icon elementor-social-icon elementor-social-icon-facebook elementor-animation-shrink elementor-repeater-item-8f9b000\" href=\"https:\/\/www.facebook.com\/groupemrsenat?locale=fr_FR\" target=\"_blank\">\n\t\t\t\t\t\t<span class=\"elementor-screen-only\">Facebook<\/span>\n\t\t\t\t\t\t<i class=\"fab fa-facebook\"><\/i>\t\t\t\t\t<\/a>\n\t\t\t\t<\/span>\n\t\t\t\t\t\t\t<span class=\"elementor-grid-item\">\n\t\t\t\t\t<a class=\"elementor-icon elementor-social-icon elementor-social-icon-twitter elementor-animation-shrink elementor-repeater-item-c573582\" href=\"https:\/\/x.com\/gaetanvangoids?s=21&#038;t=vwX-y5Rj_rqxijyaq2Geag\" target=\"_blank\">\n\t\t\t\t\t\t<span class=\"elementor-screen-only\">Twitter<\/span>\n\t\t\t\t\t\t<i class=\"fab fa-twitter\"><\/i>\t\t\t\t\t<\/a>\n\t\t\t\t<\/span>\n\t\t\t\t\t\t\t<span class=\"elementor-grid-item\">\n\t\t\t\t\t<a class=\"elementor-icon elementor-social-icon elementor-social-icon-instagram elementor-animation-shrink elementor-repeater-item-7d9a560\" href=\"https:\/\/www.instagram.com\/gaetan_van_goidsenhoven_\/\" target=\"_blank\">\n\t\t\t\t\t\t<span class=\"elementor-screen-only\">Instagram<\/span>\n\t\t\t\t\t\t<i class=\"fab fa-instagram\"><\/i>\t\t\t\t\t<\/a>\n\t\t\t\t<\/span>\n\t\t\t\t\t\t\t<span class=\"elementor-grid-item\">\n\t\t\t\t\t<a class=\"elementor-icon elementor-social-icon elementor-social-icon-linkedin elementor-animation-shrink elementor-repeater-item-cff5409\" href=\"https:\/\/www.linkedin.com\/in\/ga\u00ebtan-van-goidsenhoven-a534461aa\/?originalSubdomain=be\" target=\"_blank\">\n\t\t\t\t\t\t<span class=\"elementor-screen-only\">Linkedin<\/span>\n\t\t\t\t\t\t<i class=\"fab fa-linkedin\"><\/i>\t\t\t\t\t<\/a>\n\t\t\t\t<\/span>\n\t\t\t\t\t<\/div>\n\t\t\t\t<\/div>\n\t\t\t\t<\/div>\n\t\t\t\t<div class=\"elementor-element elementor-element-dde61e0 elementor-widget elementor-widget-spacer\" data-id=\"dde61e0\" data-element_type=\"widget\" data-widget_type=\"spacer.default\">\n\t\t\t\t<div class=\"elementor-widget-container\">\n\t\t\t\t\t<div class=\"elementor-spacer\">\n\t\t\t<div class=\"elementor-spacer-inner\"><\/div>\n\t\t<\/div>\n\t\t\t\t<\/div>\n\t\t\t\t<\/div>\n\t\t\t\t<div class=\"elementor-element elementor-element-b0139e6 elementor-widget elementor-widget-spacer\" data-id=\"b0139e6\" data-element_type=\"widget\" data-widget_type=\"spacer.default\">\n\t\t\t\t<div class=\"elementor-widget-container\">\n\t\t\t\t\t<div class=\"elementor-spacer\">\n\t\t\t<div class=\"elementor-spacer-inner\"><\/div>\n\t\t<\/div>\n\t\t\t\t<\/div>\n\t\t\t\t<\/div>\n\t\t\t\t\t<\/div>\n\t\t<\/div>\n\t\t\t\t\t\t\t<\/div>\n\t\t<\/section>\n\t\t\t\t\t\t\t<\/div>\n\t\t","protected":false},"excerpt":{"rendered":"<p>Mon travail parlementaire au S\u00e9nat En tant que chef de groupe du Mouvement [&hellip;]<\/p>\n","protected":false},"author":2,"featured_media":0,"parent":0,"menu_order":0,"comment_status":"closed","ping_status":"closed","template":"","meta":{"ngg_post_thumbnail":0,"footnotes":""},"class_list":["post-2645","page","type-page","status-publish","hentry"],"aioseo_notices":[],"_links":{"self":[{"href":"https:\/\/gaetanvangoidsenhoven.be\/index.php\/wp-json\/wp\/v2\/pages\/2645","targetHints":{"allow":["GET"]}}],"collection":[{"href":"https:\/\/gaetanvangoidsenhoven.be\/index.php\/wp-json\/wp\/v2\/pages"}],"about":[{"href":"https:\/\/gaetanvangoidsenhoven.be\/index.php\/wp-json\/wp\/v2\/types\/page"}],"author":[{"embeddable":true,"href":"https:\/\/gaetanvangoidsenhoven.be\/index.php\/wp-json\/wp\/v2\/users\/2"}],"replies":[{"embeddable":true,"href":"https:\/\/gaetanvangoidsenhoven.be\/index.php\/wp-json\/wp\/v2\/comments?post=2645"}],"version-history":[{"count":46,"href":"https:\/\/gaetanvangoidsenhoven.be\/index.php\/wp-json\/wp\/v2\/pages\/2645\/revisions"}],"predecessor-version":[{"id":3302,"href":"https:\/\/gaetanvangoidsenhoven.be\/index.php\/wp-json\/wp\/v2\/pages\/2645\/revisions\/3302"}],"wp:attachment":[{"href":"https:\/\/gaetanvangoidsenhoven.be\/index.php\/wp-json\/wp\/v2\/media?parent=2645"}],"curies":[{"name":"wp","href":"https:\/\/api.w.org\/{rel}","templated":true}]}}